{"id":45,"date":"2024-08-01T21:08:12","date_gmt":"2024-08-01T21:08:12","guid":{"rendered":"https:\/\/eltallerac.org\/?page_id=45"},"modified":"2025-05-09T00:22:43","modified_gmt":"2025-05-09T06:22:43","slug":"accionesdeincidencia","status":"publish","type":"page","link":"https:\/\/eltallerac.org\/?page_id=45","title":{"rendered":"ACCIONES DE INCIDENCIA"},"content":{"rendered":"\n<div class=\"wp-block-group alignwide is-nowrap is-layout-flex wp-container-core-group-is-layout-6c531013 wp-block-group-is-layout-flex\">\n<figure class=\"wp-block-image size-full\"><img loading=\"lazy\" decoding=\"async\" width=\"960\" height=\"1280\" src=\"https:\/\/eltallerac.org\/wp-content\/uploads\/2025\/04\/WhatsApp-Image-2025-04-03-at-12.17.45.jpeg\" alt=\"\" class=\"wp-image-254\" style=\"object-fit:cover\" srcset=\"https:\/\/eltallerac.org\/wp-content\/uploads\/2025\/04\/WhatsApp-Image-2025-04-03-at-12.17.45.jpeg 960w, https:\/\/eltallerac.org\/wp-content\/uploads\/2025\/04\/WhatsApp-Image-2025-04-03-at-12.17.45-225x300.jpeg 225w, https:\/\/eltallerac.org\/wp-content\/uploads\/2025\/04\/WhatsApp-Image-2025-04-03-at-12.17.45-768x1024.jpeg 768w\" sizes=\"auto, (max-width: 960px) 100vw, 960px\" \/><\/figure>\n\n\n\n<div class=\"wp-block-group is-vertical is-layout-flex wp-container-core-group-is-layout-fe9cc265 wp-block-group-is-layout-flex\">\n<h2 class=\"wp-block-heading has-text-align-right\">Batucada Lenchamanas<\/h2>\n\n\n\n<p class=\"has-text-align-left\">El proyecto de la batucada Lenchamanas surge en 2015 a partir de la necesidad colectiva de intervenir los espacios p\u00fablicos que hist\u00f3ricamente se nos han arrebatado a las mujeres.&nbsp;<\/p>\n\n\n\n<p class=\"has-text-align-left\">La incidencia y las acciones en el espacio son una forma de visibilizar nuestra existencia y resistencia como mujeres diversas, diferentes a la heteronormatividad en la que se vive cotidianamente.<\/p>\n<\/div>\n\n\n\n<div class=\"wp-block-columns is-layout-flex wp-container-core-columns-is-layout-28f84493 wp-block-columns-is-layout-flex\">\n<div class=\"wp-block-column is-layout-flow wp-block-column-is-layout-flow\"><\/div>\n\n\n\n<div class=\"wp-block-column is-layout-flow wp-block-column-is-layout-flow\"><\/div>\n<\/div>\n<\/div>\n\n\n\n<h1 class=\"wp-block-heading has-text-align-center\">Acompa\u00f1amientos<\/h1>\n\n\n\n<div class=\"wp-block-columns alignfull is-layout-flex wp-container-core-columns-is-layout-28f84493 wp-block-columns-is-layout-flex\">\n<div class=\"wp-block-column is-layout-flow wp-block-column-is-layout-flow\">\n<figure class=\"wp-block-gallery aligncenter has-nested-images columns-default is-cropped wp-block-gallery-1 is-layout-flex wp-block-gallery-is-layout-flex\">\n<figure class=\"wp-block-image aligncenter size-large\"><img loading=\"lazy\" decoding=\"async\" width=\"964\" height=\"723\" data-id=\"256\" src=\"https:\/\/eltallerac.org\/wp-content\/uploads\/2025\/04\/WhatsApp-Image-2025-04-03-at-12.31.00-edited.jpeg\" alt=\"\" class=\"wp-image-256\" srcset=\"https:\/\/eltallerac.org\/wp-content\/uploads\/2025\/04\/WhatsApp-Image-2025-04-03-at-12.31.00-edited.jpeg 964w, https:\/\/eltallerac.org\/wp-content\/uploads\/2025\/04\/WhatsApp-Image-2025-04-03-at-12.31.00-edited-300x225.jpeg 300w, https:\/\/eltallerac.org\/wp-content\/uploads\/2025\/04\/WhatsApp-Image-2025-04-03-at-12.31.00-edited-768x576.jpeg 768w\" sizes=\"auto, (max-width: 964px) 100vw, 964px\" \/><\/figure>\n<\/figure>\n<\/div>\n\n\n\n<div class=\"wp-block-column is-layout-flow wp-block-column-is-layout-flow\">\n<p><\/p>\n\n\n\n<p class=\"has-text-align-center\">Hemos acompa\u00f1ado las voces de ni\u00f1as y adolescentes que piden justicia y libertad, familiares v\u00edctimas de feminicidios, al colectivo Voz de los Desaparecidos y familias buscando justicia a lo largo de los 10 a\u00f1os que llevamos existiendo como batucada<\/p>\n<\/div>\n\n\n\n<div class=\"wp-block-column is-layout-flow wp-block-column-is-layout-flow\">\n<figure class=\"wp-block-image aligncenter size-large\"><img loading=\"lazy\" decoding=\"async\" width=\"1024\" height=\"768\" src=\"https:\/\/eltallerac.org\/wp-content\/uploads\/2025\/04\/WhatsApp-Image-2025-04-03-at-12.36.28-1024x768.jpeg\" alt=\"\" class=\"wp-image-257\" srcset=\"https:\/\/eltallerac.org\/wp-content\/uploads\/2025\/04\/WhatsApp-Image-2025-04-03-at-12.36.28-1024x768.jpeg 1024w, https:\/\/eltallerac.org\/wp-content\/uploads\/2025\/04\/WhatsApp-Image-2025-04-03-at-12.36.28-300x225.jpeg 300w, https:\/\/eltallerac.org\/wp-content\/uploads\/2025\/04\/WhatsApp-Image-2025-04-03-at-12.36.28-768x576.jpeg 768w, https:\/\/eltallerac.org\/wp-content\/uploads\/2025\/04\/WhatsApp-Image-2025-04-03-at-12.36.28-1536x1152.jpeg 1536w, https:\/\/eltallerac.org\/wp-content\/uploads\/2025\/04\/WhatsApp-Image-2025-04-03-at-12.36.28.jpeg 1600w\" sizes=\"auto, (max-width: 1024px) 100vw, 1024px\" \/><\/figure>\n<\/div>\n<\/div>\n\n\n\n<h1 class=\"wp-block-heading has-text-align-center\">Marchas<\/h1>\n\n\n\n<div class=\"wp-block-columns alignwide is-layout-flex wp-container-core-columns-is-layout-28f84493 wp-block-columns-is-layout-flex\">\n<div class=\"wp-block-column is-layout-flow wp-block-column-is-layout-flow\" style=\"flex-basis:33.33%\">\n<h2 class=\"wp-block-heading\">Marcha del 8 de marzo: D\u00eda Internacional de las Mujeres<\/h2>\n\n\n\n<p>Marchamos para denunciar, visibilizar y exigir, cantamos y bailamos para encontrarnos y manifestarnos en lo individual y colectivo para hacer frente a las violencias machistas, lesbof\u00f3bicas y transf\u00f3bicas que atraviesan nuestras existencias.<\/p>\n<\/div>\n\n\n\n<div class=\"wp-block-column is-layout-flow wp-block-column-is-layout-flow\" style=\"flex-basis:66.66%\">\n<figure class=\"wp-block-image size-large\"><img loading=\"lazy\" decoding=\"async\" width=\"1024\" height=\"682\" src=\"https:\/\/eltallerac.org\/wp-content\/uploads\/2025\/04\/WhatsApp-Image-2025-04-30-at-13.24.35-1-1024x682.jpeg\" alt=\"\" class=\"wp-image-290\" srcset=\"https:\/\/eltallerac.org\/wp-content\/uploads\/2025\/04\/WhatsApp-Image-2025-04-30-at-13.24.35-1-1024x682.jpeg 1024w, https:\/\/eltallerac.org\/wp-content\/uploads\/2025\/04\/WhatsApp-Image-2025-04-30-at-13.24.35-1-300x200.jpeg 300w, https:\/\/eltallerac.org\/wp-content\/uploads\/2025\/04\/WhatsApp-Image-2025-04-30-at-13.24.35-1-768x512.jpeg 768w, https:\/\/eltallerac.org\/wp-content\/uploads\/2025\/04\/WhatsApp-Image-2025-04-30-at-13.24.35-1.jpeg 1280w\" sizes=\"auto, (max-width: 1024px) 100vw, 1024px\" \/><\/figure>\n<\/div>\n<\/div>\n\n\n\n<div class=\"wp-block-columns alignwide is-layout-flex wp-container-core-columns-is-layout-28f84493 wp-block-columns-is-layout-flex\">\n<div class=\"wp-block-column is-layout-flow wp-block-column-is-layout-flow\" style=\"flex-basis:66.66%\">\n<figure class=\"wp-block-image size-full\"><img loading=\"lazy\" decoding=\"async\" width=\"640\" height=\"426\" src=\"https:\/\/eltallerac.org\/wp-content\/uploads\/2025\/04\/marcha_de_las_putas_en_puebla_exigen_justicia_por_victimas_de_feminicidio.webp\" alt=\"\" class=\"wp-image-265\" srcset=\"https:\/\/eltallerac.org\/wp-content\/uploads\/2025\/04\/marcha_de_las_putas_en_puebla_exigen_justicia_por_victimas_de_feminicidio.webp 640w, https:\/\/eltallerac.org\/wp-content\/uploads\/2025\/04\/marcha_de_las_putas_en_puebla_exigen_justicia_por_victimas_de_feminicidio-300x200.webp 300w\" sizes=\"auto, (max-width: 640px) 100vw, 640px\" \/><figcaption class=\"wp-element-caption\">Foto tomada de: <a href=\"https:\/\/www.e-consulta.com\/nota\/2024-11-03\/sociedad\/marcha-de-las-putas-en-puebla-exigen-justicia-por-victimas-de-feminicidio?fbclid=IwY2xjawJb1ZxleHRuA2FlbQIxMQABHR8a4MBAXVDVcWABvOc46XsH9dMDepA0uEwh95mn_C9zgLVJA2ThuX2nZw_aem_WStMDNvm3zkLoPExZnRibQ\">Marcha de las Putas en Puebla: exigen justicia por v\u00edctimas de feminicidio | e-consulta.com<\/a><\/figcaption><\/figure>\n<\/div>\n\n\n\n<div class=\"wp-block-column is-layout-flow wp-block-column-is-layout-flow\" style=\"flex-basis:33.33%\">\n<h2 class=\"wp-block-heading\">Marcha de las Putas<\/h2>\n\n\n\n<p>Desde el 2011 en Canad\u00e1, nace este movimiento llamado SlutWalk y su adaptaci\u00f3n en Am\u00e9rica Latina se reconoce como \u201cLa Marcha de las Putas\u201d, el cual surge luego de que en enero del a\u00f1o citado el oficial de polic\u00eda Michael Sanguinetti, durante una conferencia sobre seguridad civil en Osgoode Hall Law School en Toronto, asegur\u00f3 que <strong>&#8220;las mujeres deben evitar vestirse como &#8216;putas&#8217; para no ser v\u00edctimas de la violencia sexual&#8221;<\/strong>.<\/p>\n\n\n\n<p>En cada edici\u00f3n de la Marcha de las Putas, seguimos de pie ante la ausencia de justicia y la constante violencia que nos<\/p>\n<\/div>\n<\/div>\n\n\n\n<div class=\"wp-block-columns alignwide is-layout-flex wp-container-core-columns-is-layout-28f84493 wp-block-columns-is-layout-flex\">\n<div class=\"wp-block-column is-layout-flow wp-block-column-is-layout-flow\" style=\"flex-basis:100%\"><\/div>\n<\/div>\n\n\n\n<h1 class=\"wp-block-heading has-text-align-center\">Acciones<\/h1>\n\n\n\n<div class=\"wp-block-columns alignwide is-layout-flex wp-container-core-columns-is-layout-28f84493 wp-block-columns-is-layout-flex\">\n<div class=\"wp-block-column is-layout-flow wp-block-column-is-layout-flow\">\n<figure class=\"wp-block-image size-large\"><img loading=\"lazy\" decoding=\"async\" width=\"1024\" height=\"683\" src=\"https:\/\/eltallerac.org\/wp-content\/uploads\/2025\/04\/WhatsApp-Image-2025-04-03-at-11.24.40-1024x683.jpeg\" alt=\"\" class=\"wp-image-253\" srcset=\"https:\/\/eltallerac.org\/wp-content\/uploads\/2025\/04\/WhatsApp-Image-2025-04-03-at-11.24.40-1024x683.jpeg 1024w, https:\/\/eltallerac.org\/wp-content\/uploads\/2025\/04\/WhatsApp-Image-2025-04-03-at-11.24.40-300x200.jpeg 300w, https:\/\/eltallerac.org\/wp-content\/uploads\/2025\/04\/WhatsApp-Image-2025-04-03-at-11.24.40-768x512.jpeg 768w, https:\/\/eltallerac.org\/wp-content\/uploads\/2025\/04\/WhatsApp-Image-2025-04-03-at-11.24.40-1536x1024.jpeg 1536w, https:\/\/eltallerac.org\/wp-content\/uploads\/2025\/04\/WhatsApp-Image-2025-04-03-at-11.24.40.jpeg 1599w\" sizes=\"auto, (max-width: 1024px) 100vw, 1024px\" \/><\/figure>\n<\/div>\n\n\n\n<div class=\"wp-block-column is-layout-flow wp-block-column-is-layout-flow\">\n<h2 class=\"wp-block-heading\">Ofrenda<\/h2>\n\n\n\n<p>Las asesinadas no han muerto, las seguimos buscando, no ser\u00e1n olvidadas, las seguimos nombrando y hoy nos encontramos aqu\u00ed y las recibimos con abrazo, pero sin duda nos acompa\u00f1an todo el a\u00f1o: <a href=\"https:\/\/www.ladobe.com.mx\/2016\/08\/paulina-camargo-encontrarla\/\" data-type=\"link\" data-id=\"https:\/\/www.ladobe.com.mx\/2016\/08\/paulina-camargo-encontrarla\/\">Paulina<\/a> ensaya con la batucada cada semana, abrazamos a <a href=\"https:\/\/www.ladobe.com.mx\/2013\/11\/a-aracely-su-ex-novio-le-perforo-el-corazon\/?fbclid=IwY2xjawJb0ONleHRuA2FlbQIxMQABHQxjG-LDWa6oSxatVX1-SwOBKCmC-_CzXookYFcLuyNJSamqPoIoLNjCdQ_aem__yV3X63sjQ0G3AOtnph0qg\" data-type=\"link\" data-id=\"https:\/\/www.ladobe.com.mx\/2013\/11\/a-aracely-su-ex-novio-le-perforo-el-corazon\/?fbclid=IwY2xjawJb0ONleHRuA2FlbQIxMQABHQxjG-LDWa6oSxatVX1-SwOBKCmC-_CzXookYFcLuyNJSamqPoIoLNjCdQ_aem__yV3X63sjQ0G3AOtnph0qg\">Chely<\/a> cuando Amada nos mira, <a href=\"https:\/\/www.ladobe.com.mx\/2020\/04\/alison-gabriela-el-feminicidio-de-una-nina-durante-la-pandemia\/\" data-type=\"link\" data-id=\"https:\/\/www.ladobe.com.mx\/2020\/04\/alison-gabriela-el-feminicidio-de-una-nina-durante-la-pandemia\/\">Alisson<\/a> toma su tamborcito y toca junto a las ni\u00f1as con nosotras en cada marcha y todas nos acompa\u00f1an en cada acci\u00f3n en la que denunciamos la nula respuesta del estado y exigimos justicia y respuesta.<\/p>\n<\/div>\n<\/div>\n\n\n\n<h1 class=\"wp-block-heading has-text-align-center\">Performance<\/h1>\n\n\n\n<figure class=\"wp-block-gallery alignfull has-nested-images columns-default is-cropped wp-block-gallery-2 is-layout-flex wp-block-gallery-is-layout-flex\">\n<figure class=\"wp-block-image size-large\"><img loading=\"lazy\" decoding=\"async\" width=\"1024\" height=\"682\" data-id=\"259\" src=\"https:\/\/eltallerac.org\/wp-content\/uploads\/2025\/04\/WhatsApp-Image-2025-04-03-at-14.13.14-1024x682.jpeg\" alt=\"\" class=\"wp-image-259\" srcset=\"https:\/\/eltallerac.org\/wp-content\/uploads\/2025\/04\/WhatsApp-Image-2025-04-03-at-14.13.14-1024x682.jpeg 1024w, https:\/\/eltallerac.org\/wp-content\/uploads\/2025\/04\/WhatsApp-Image-2025-04-03-at-14.13.14-300x200.jpeg 300w, https:\/\/eltallerac.org\/wp-content\/uploads\/2025\/04\/WhatsApp-Image-2025-04-03-at-14.13.14-768x512.jpeg 768w, https:\/\/eltallerac.org\/wp-content\/uploads\/2025\/04\/WhatsApp-Image-2025-04-03-at-14.13.14.jpeg 1280w\" sizes=\"auto, (max-width: 1024px) 100vw, 1024px\" \/><\/figure>\n\n\n\n<figure class=\"wp-block-image size-large\"><img loading=\"lazy\" decoding=\"async\" width=\"1024\" height=\"682\" data-id=\"243\" src=\"https:\/\/eltallerac.org\/wp-content\/uploads\/2025\/04\/WhatsApp-Image-2025-04-01-at-12.53.59-1024x682.jpeg\" alt=\"\" class=\"wp-image-243\" srcset=\"https:\/\/eltallerac.org\/wp-content\/uploads\/2025\/04\/WhatsApp-Image-2025-04-01-at-12.53.59-1024x682.jpeg 1024w, https:\/\/eltallerac.org\/wp-content\/uploads\/2025\/04\/WhatsApp-Image-2025-04-01-at-12.53.59-300x200.jpeg 300w, https:\/\/eltallerac.org\/wp-content\/uploads\/2025\/04\/WhatsApp-Image-2025-04-01-at-12.53.59-768x512.jpeg 768w, https:\/\/eltallerac.org\/wp-content\/uploads\/2025\/04\/WhatsApp-Image-2025-04-01-at-12.53.59.jpeg 1280w\" sizes=\"auto, (max-width: 1024px) 100vw, 1024px\" \/><\/figure>\n<\/figure>\n\n\n\n<div class=\"wp-block-columns alignwide is-layout-flex wp-container-core-columns-is-layout-28f84493 wp-block-columns-is-layout-flex\">\n<div class=\"wp-block-column is-layout-flow wp-block-column-is-layout-flow\">\n<figure class=\"wp-block-image size-full\"><img loading=\"lazy\" decoding=\"async\" width=\"422\" height=\"422\" src=\"https:\/\/eltallerac.org\/wp-content\/uploads\/2025\/04\/WhatsApp-Image-2025-04-30-at-12.33.06-1.jpeg\" alt=\"\" class=\"wp-image-293\" srcset=\"https:\/\/eltallerac.org\/wp-content\/uploads\/2025\/04\/WhatsApp-Image-2025-04-30-at-12.33.06-1.jpeg 422w, https:\/\/eltallerac.org\/wp-content\/uploads\/2025\/04\/WhatsApp-Image-2025-04-30-at-12.33.06-1-300x300.jpeg 300w, https:\/\/eltallerac.org\/wp-content\/uploads\/2025\/04\/WhatsApp-Image-2025-04-30-at-12.33.06-1-150x150.jpeg 150w\" sizes=\"auto, (max-width: 422px) 100vw, 422px\" \/><\/figure>\n<\/div>\n\n\n\n<div class=\"wp-block-column is-layout-flow wp-block-column-is-layout-flow\">\n<p>DESCRIPCI\u00d3N&#8230;&#8230;&#8230;&#8230;&#8230;&#8230;&#8230;&#8230;&#8230;&#8230;<\/p>\n<\/div>\n\n\n\n<div class=\"wp-block-column is-layout-flow wp-block-column-is-layout-flow\">\n<figure class=\"wp-block-image size-full\"><img loading=\"lazy\" decoding=\"async\" width=\"332\" height=\"332\" src=\"https:\/\/eltallerac.org\/wp-content\/uploads\/2025\/04\/WhatsApp-Image-2025-04-30-at-12.33.06.jpeg\" alt=\"\" class=\"wp-image-294\" srcset=\"https:\/\/eltallerac.org\/wp-content\/uploads\/2025\/04\/WhatsApp-Image-2025-04-30-at-12.33.06.jpeg 332w, https:\/\/eltallerac.org\/wp-content\/uploads\/2025\/04\/WhatsApp-Image-2025-04-30-at-12.33.06-300x300.jpeg 300w, https:\/\/eltallerac.org\/wp-content\/uploads\/2025\/04\/WhatsApp-Image-2025-04-30-at-12.33.06-150x150.jpeg 150w\" sizes=\"auto, (max-width: 332px) 100vw, 332px\" \/><\/figure>\n<\/div>\n<\/div>\n\n\n\n<h3 class=\"wp-block-heading alignwide\">Cont\u00e1ctanos para mayor informaci\u00f3n:<\/h3>\n\n\n\n<ul class=\"wp-block-social-links aligncenter is-layout-flex wp-block-social-links-is-layout-flex\"><li class=\"wp-social-link wp-social-link-facebook  wp-block-social-link\"><a href=\"https:\/\/www.facebook.com\/ElTallerNahualas\" class=\"wp-block-social-link-anchor\"><svg width=\"24\" height=\"24\" viewBox=\"0 0 24 24\" version=\"1.1\" xmlns=\"http:\/\/www.w3.org\/2000\/svg\" aria-hidden=\"true\" focusable=\"false\"><path d=\"M12 2C6.5 2 2 6.5 2 12c0 5 3.7 9.1 8.4 9.9v-7H7.9V12h2.5V9.8c0-2.5 1.5-3.9 3.8-3.9 1.1 0 2.2.2 2.2.2v2.5h-1.3c-1.2 0-1.6.8-1.6 1.6V12h2.8l-.4 2.9h-2.3v7C18.3 21.1 22 17 22 12c0-5.5-4.5-10-10-10z\"><\/path><\/svg><span class=\"wp-block-social-link-label screen-reader-text\">Facebook<\/span><\/a><\/li>\n\n<li class=\"wp-social-link wp-social-link-instagram  wp-block-social-link\"><a href=\"https:\/\/www.instagram.com\/lasnahualasdeltaller\/\" class=\"wp-block-social-link-anchor\"><svg width=\"24\" height=\"24\" viewBox=\"0 0 24 24\" version=\"1.1\" xmlns=\"http:\/\/www.w3.org\/2000\/svg\" aria-hidden=\"true\" focusable=\"false\"><path d=\"M12,4.622c2.403,0,2.688,0.009,3.637,0.052c0.877,0.04,1.354,0.187,1.671,0.31c0.42,0.163,0.72,0.358,1.035,0.673 c0.315,0.315,0.51,0.615,0.673,1.035c0.123,0.317,0.27,0.794,0.31,1.671c0.043,0.949,0.052,1.234,0.052,3.637 s-0.009,2.688-0.052,3.637c-0.04,0.877-0.187,1.354-0.31,1.671c-0.163,0.42-0.358,0.72-0.673,1.035 c-0.315,0.315-0.615,0.51-1.035,0.673c-0.317,0.123-0.794,0.27-1.671,0.31c-0.949,0.043-1.233,0.052-3.637,0.052 s-2.688-0.009-3.637-0.052c-0.877-0.04-1.354-0.187-1.671-0.31c-0.42-0.163-0.72-0.358-1.035-0.673 c-0.315-0.315-0.51-0.615-0.673-1.035c-0.123-0.317-0.27-0.794-0.31-1.671C4.631,14.688,4.622,14.403,4.622,12 s0.009-2.688,0.052-3.637c0.04-0.877,0.187-1.354,0.31-1.671c0.163-0.42,0.358-0.72,0.673-1.035 c0.315-0.315,0.615-0.51,1.035-0.673c0.317-0.123,0.794-0.27,1.671-0.31C9.312,4.631,9.597,4.622,12,4.622 M12,3 C9.556,3,9.249,3.01,8.289,3.054C7.331,3.098,6.677,3.25,6.105,3.472C5.513,3.702,5.011,4.01,4.511,4.511 c-0.5,0.5-0.808,1.002-1.038,1.594C3.25,6.677,3.098,7.331,3.054,8.289C3.01,9.249,3,9.556,3,12c0,2.444,0.01,2.751,0.054,3.711 c0.044,0.958,0.196,1.612,0.418,2.185c0.23,0.592,0.538,1.094,1.038,1.594c0.5,0.5,1.002,0.808,1.594,1.038 c0.572,0.222,1.227,0.375,2.185,0.418C9.249,20.99,9.556,21,12,21s2.751-0.01,3.711-0.054c0.958-0.044,1.612-0.196,2.185-0.418 c0.592-0.23,1.094-0.538,1.594-1.038c0.5-0.5,0.808-1.002,1.038-1.594c0.222-0.572,0.375-1.227,0.418-2.185 C20.99,14.751,21,14.444,21,12s-0.01-2.751-0.054-3.711c-0.044-0.958-0.196-1.612-0.418-2.185c-0.23-0.592-0.538-1.094-1.038-1.594 c-0.5-0.5-1.002-0.808-1.594-1.038c-0.572-0.222-1.227-0.375-2.185-0.418C14.751,3.01,14.444,3,12,3L12,3z M12,7.378 c-2.552,0-4.622,2.069-4.622,4.622S9.448,16.622,12,16.622s4.622-2.069,4.622-4.622S14.552,7.378,12,7.378z M12,15 c-1.657,0-3-1.343-3-3s1.343-3,3-3s3,1.343,3,3S13.657,15,12,15z M16.804,6.116c-0.596,0-1.08,0.484-1.08,1.08 s0.484,1.08,1.08,1.08c0.596,0,1.08-0.484,1.08-1.08S17.401,6.116,16.804,6.116z\"><\/path><\/svg><span class=\"wp-block-social-link-label screen-reader-text\">Instagram<\/span><\/a><\/li>\n\n\n\n<li class=\"wp-social-link wp-social-link-mail  wp-block-social-link\"><a href=\"mailto:contacto@eltallerac.org\" class=\"wp-block-social-link-anchor\"><svg width=\"24\" height=\"24\" viewBox=\"0 0 24 24\" version=\"1.1\" xmlns=\"http:\/\/www.w3.org\/2000\/svg\" aria-hidden=\"true\" focusable=\"false\"><path d=\"M19,5H5c-1.1,0-2,.9-2,2v10c0,1.1.9,2,2,2h14c1.1,0,2-.9,2-2V7c0-1.1-.9-2-2-2zm.5,12c0,.3-.2.5-.5.5H5c-.3,0-.5-.2-.5-.5V9.8l7.5,5.6,7.5-5.6V17zm0-9.1L12,13.6,4.5,7.9V7c0-.3.2-.5.5-.5h14c.3,0,.5.2.5.5v.9z\"><\/path><\/svg><span class=\"wp-block-social-link-label screen-reader-text\">Correo electr\u00f3nico<\/span><\/a><\/li><\/ul>\n\n\n\n<p><\/p>\n","protected":false},"excerpt":{"rendered":"<p>Batucada Lenchamanas El proyecto de la batucada Lenchamanas surge en 2015 a partir de la necesidad colectiva de intervenir los espacios p\u00fablicos que hist\u00f3ricamente se nos han arrebatado a las mujeres.&nbsp; La incidencia y las acciones en el espacio son una forma de visibilizar nuestra existencia y resistencia como mujeres diversas, diferentes a la heteronormatividad [&hellip;]<\/p>\n","protected":false},"author":1,"featured_media":0,"parent":0,"menu_order":5,"comment_status":"closed","ping_status":"closed","template":"","meta":{"footnotes":""},"class_list":["post-45","page","type-page","status-publish","hentry"],"_links":{"self":[{"href":"https:\/\/eltallerac.org\/index.php?rest_route=\/wp\/v2\/pages\/45","targetHints":{"allow":["GET"]}}],"collection":[{"href":"https:\/\/eltallerac.org\/index.php?rest_route=\/wp\/v2\/pages"}],"about":[{"href":"https:\/\/eltallerac.org\/index.php?rest_route=\/wp\/v2\/types\/page"}],"author":[{"embeddable":true,"href":"https:\/\/eltallerac.org\/index.php?rest_route=\/wp\/v2\/users\/1"}],"replies":[{"embeddable":true,"href":"https:\/\/eltallerac.org\/index.php?rest_route=%2Fwp%2Fv2%2Fcomments&post=45"}],"version-history":[{"count":40,"href":"https:\/\/eltallerac.org\/index.php?rest_route=\/wp\/v2\/pages\/45\/revisions"}],"predecessor-version":[{"id":333,"href":"https:\/\/eltallerac.org\/index.php?rest_route=\/wp\/v2\/pages\/45\/revisions\/333"}],"wp:attachment":[{"href":"https:\/\/eltallerac.org\/index.php?rest_route=%2Fwp%2Fv2%2Fmedia&parent=45"}],"curies":[{"name":"wp","href":"https:\/\/api.w.org\/{rel}","templated":true}]}}